{"id":19154,"date":"2019-01-05T22:40:52","date_gmt":"2019-01-05T22:40:52","guid":{"rendered":"http:\/\/www.paroquiaderamalde.pt\/wrdp\/?page_id=19154"},"modified":"2024-07-23T17:59:04","modified_gmt":"2024-07-23T17:59:04","slug":"a-luz-do-mestre-as-bem-aventurancas","status":"publish","type":"page","link":"https:\/\/www.paroquiaderamalde.pt\/wrdp\/a-luz-do-mestre-as-bem-aventurancas\/","title":{"rendered":"\u00c0 luz do Mestre &#8211; as Bem-aventuran\u00e7as"},"content":{"rendered":"<p style=\"text-align: justify;\"><span style=\"font-family: 'book antiqua', palatino, serif; font-size: 12pt;\">Na sess\u00e3o de Novembro continuamos a an\u00e1lise da Exorta\u00e7\u00e3o Apost\u00f3lica \u201cAlegrai-vos e Exultai\u201d, sendo feita uma reflex\u00e3o sobre o cap\u00edtulo terceiro, \u00e0 Luz do Mestre, que trata especificamente das Bem-Aventuran\u00e7as.<\/span><br \/>\n<span style=\"font-family: 'book antiqua', palatino, serif; font-size: 12pt;\">Dado a sess\u00e3o ter sido bastante participada, o que apenas possibilitou a reflex\u00e3o das primeiras quatro bem-aventuran\u00e7as, o tema transitou para a sess\u00e3o de Dezembro, onde foram reflectidas as restantes. Assim, este resumo, bem como a apresenta\u00e7\u00e3o, englobam os apontamentos de ambas as sess\u00f5es.<\/span><br \/>\n<span style=\"font-family: 'book antiqua', palatino, serif; font-size: 12pt;\">Depois de o Papa Francisco ter dado diversas teorias e defini\u00e7\u00f5es sobre a ess\u00eancia da santidade, centra as suas explica\u00e7\u00f5es no caminho ideal para a podermos alcan\u00e7ar. E esse caminho \u00e9, sem d\u00favida, aquele que \u00e9 definido nas bem-aventuran\u00e7as com as quais Jesus iniciou o serm\u00e3o da montanha. <\/span><br \/>\n<span style=\"font-family: 'book antiqua', palatino, serif; font-size: 12pt;\">\u201cVendo a multid\u00e3o, subiu ao monte e sentou-se rodeado pelos seus disc\u00edpulos. E, tomando a palavra, ensinava-os dizendo: Bem-aventurados\u2026\u201d (Mt 5, 1-2).<\/span><br \/>\n<span style=\"font-family: 'book antiqua', palatino, serif; font-size: 12pt;\">\u201cA palavra \u201cbem-aventurado\u201d ou \u201cfeliz\u201d torna-se sin\u00f3nimo de santo, porque expressa que a pessoa fiel a Deus e que vive a sua Palavra alcan\u00e7a, na doa\u00e7\u00e3o de si mesmo, a felicidade\u201d (65). <\/span><br \/>\n<span style=\"font-family: 'book antiqua', palatino, serif; font-size: 12pt;\">Como recorda o Catecismo da Igreja Cat\u00f3lica, as Bem-aventuran\u00e7as do Serm\u00e3o da Montanha s\u00e3o o centro da prega\u00e7\u00e3o de Jesus, e nelas Deus chama-nos \u00e0 sua pr\u00f3pria bem-aventuran\u00e7a.<\/span><br \/>\n<span style=\"font-family: 'book antiqua', palatino, serif; font-size: 12pt;\">Desde ent\u00e3o, as bem-aventuran\u00e7as s\u00e3o os oito ensinamentos atrav\u00e9s dos quais Jesus indica aos Homens de todos os tempos os caminhos que proporcionam a realiza\u00e7\u00e3o do desejo natural de obter a felicidade. <\/span><br \/>\n<span style=\"font-family: 'book antiqua', palatino, serif; font-size: 12pt;\">Al\u00e9m disso, as bem-aventuran\u00e7as expressam, fundamentalmente, a forma como deve ser a vida dos crist\u00e3os e como, pela pr\u00e1tica fiel das mesmas, conseguir\u00e3o n\u00e3o somente viver, desde j\u00e1, no Reino de Deus, mas tamb\u00e9m caminhar seguramente para uma vida plena de felicidade.<\/span><\/p>\n<p style=\"text-align: justify;\"><span style=\"font-family: 'book antiqua', palatino, serif; font-size: 12pt;\">O Papa Francisco faz uma descri\u00e7\u00e3o das bem-aventuran\u00e7as e, a concluir cada uma delas, convida a \u201cser pobre no cora\u00e7\u00e3o, reagir com humilde mansid\u00e3o, saber chorar com os outros, buscar a justi\u00e7a com fome e sede, olhar e agir com miseric\u00f3rdia, manter o cora\u00e7\u00e3o limpo de tudo o que mancha o amor, semear a paz ao nosso redor e abra\u00e7ar diariamente o caminho do Evangelho mesmo que nos acarrete problemas, porque tudo isto \u00e9 Santidade<\/span><\/p>\n<p style=\"text-align: justify;\"><span style=\"font-family: 'book antiqua', palatino, serif; font-size: 12pt;\">Na pr\u00f3xima sess\u00e3o, que ser\u00e1 realizada no dia 8 de Janeiro, ser\u00e3o abordados de forma breve <\/span><span style=\"font-family: 'book antiqua', palatino, serif; font-size: 12pt;\">os dois \u00faltimos cap\u00edtulos da Exorta\u00e7\u00e3o e, conforme est\u00e1 programado, o tema principal ser\u00e1 \u201cReflectir a nossa comunidade Paroquial\u201d<\/span><\/p>\n<p style=\"text-align: justify;\"><a href=\"http:\/\/www.paroquiaderamalde.pt\/wrdp\/wp-content\/uploads\/2019\/01\/A-Luz-do-Mestre.pdf\" target=\"_blank\" rel=\"noopener\"><span style=\"text-decoration: underline;\"><strong><span style=\"font-family: 'book antiqua', palatino, serif; font-size: 12pt;\">APRESENTA\u00c7\u00c3O DAS SESS\u00d5ES DE NOVEMBRO E DEZEMBRO<\/span><\/strong><\/span><\/a><\/p>\n","protected":false},"excerpt":{"rendered":"<p>Na sess\u00e3o de Novembro continuamos a an\u00e1lise da Exorta\u00e7\u00e3o Apost\u00f3lica \u201cAlegrai-vos e Exultai\u201d, sendo feita uma reflex\u00e3o sobre o cap\u00edtulo terceiro, \u00e0 Luz do Mestre, que trata especificamente das Bem-Aventuran\u00e7as. Dado a sess\u00e3o ter sido bastante participada, o que apenas possibilitou a reflex\u00e3o das primeiras quatro bem-aventuran\u00e7as, o tema transitou para a sess\u00e3o de Dezembro, onde foram reflectidas as restantes. Assim, este resumo, bem como a apresenta\u00e7\u00e3o, englobam os apontamentos de ambas as sess\u00f5es. Depois de o Papa Francisco ter dado diversas teorias e defini\u00e7\u00f5es sobre a ess\u00eancia da santidade, centra as suas explica\u00e7\u00f5es no caminho ideal para a podermos alcan\u00e7ar. E esse caminho \u00e9, sem d\u00favida, aquele que \u00e9 definido nas bem-aventuran\u00e7as com as quais Jesus iniciou o serm\u00e3o da montanha. \u201cVendo a multid\u00e3o, subiu ao monte e sentou-se rodeado pelos seus disc\u00edpulos. E, tomando a palavra, ensinava-os dizendo: Bem-aventurados\u2026\u201d (Mt 5, 1-2). \u201cA palavra \u201cbem-aventurado\u201d ou \u201cfeliz\u201d torna-se sin\u00f3nimo de santo, porque expressa que a pessoa fiel a Deus e que vive a sua Palavra alcan\u00e7a, na doa\u00e7\u00e3o de si mesmo, a felicidade\u201d (65). Como recorda o Catecismo da Igreja Cat\u00f3lica, as Bem-aventuran\u00e7as do Serm\u00e3o da Montanha s\u00e3o o centro da prega\u00e7\u00e3o de Jesus, e nelas Deus chama-nos \u00e0 sua pr\u00f3pria bem-aventuran\u00e7a. Desde ent\u00e3o, as bem-aventuran\u00e7as s\u00e3o os oito ensinamentos atrav\u00e9s dos quais Jesus indica aos Homens de todos os tempos os caminhos que proporcionam a realiza\u00e7\u00e3o do desejo natural de obter a felicidade. Al\u00e9m disso, as bem-aventuran\u00e7as expressam, fundamentalmente, a forma como deve ser a vida dos crist\u00e3os e como, pela pr\u00e1tica fiel das mesmas, conseguir\u00e3o n\u00e3o somente viver, desde j\u00e1, no Reino de Deus, mas tamb\u00e9m caminhar seguramente para uma vida plena de felicidade. O Papa Francisco faz uma descri\u00e7\u00e3o das bem-aventuran\u00e7as e, a concluir cada uma delas, convida a \u201cser pobre no cora\u00e7\u00e3o, reagir com humilde mansid\u00e3o, saber chorar com os outros, buscar a justi\u00e7a com fome e sede, olhar e agir com miseric\u00f3rdia, manter o cora\u00e7\u00e3o limpo de tudo o que mancha o amor, semear a paz ao nosso redor e abra\u00e7ar diariamente o caminho do Evangelho mesmo que nos acarrete problemas, porque tudo isto \u00e9 Santidade Na pr\u00f3xima sess\u00e3o, que ser\u00e1 realizada no dia 8 de Janeiro, ser\u00e3o abordados de forma breve os dois \u00faltimos cap\u00edtulos da Exorta\u00e7\u00e3o e, conforme est\u00e1 programado, o tema principal ser\u00e1 \u201cReflectir a nossa comunidade Paroquial\u201d APRESENTA\u00c7\u00c3O DAS SESS\u00d5ES DE NOVEMBRO E DEZEMBRO<\/p>\n","protected":false},"author":10,"featured_media":0,"parent":0,"menu_order":0,"comment_status":"closed","ping_status":"closed","template":"page-templates\/template-full-width.php","meta":{"nf_dc_page":"","footnotes":"","_links_to":"","_links_to_target":""},"class_list":["post-19154","page","type-page","status-publish","hentry"],"_links":{"self":[{"href":"https:\/\/www.paroquiaderamalde.pt\/wrdp\/wp-json\/wp\/v2\/pages\/19154","targetHints":{"allow":["GET"]}}],"collection":[{"href":"https:\/\/www.paroquiaderamalde.pt\/wrdp\/wp-json\/wp\/v2\/pages"}],"about":[{"href":"https:\/\/www.paroquiaderamalde.pt\/wrdp\/wp-json\/wp\/v2\/types\/page"}],"author":[{"embeddable":true,"href":"https:\/\/www.paroquiaderamalde.pt\/wrdp\/wp-json\/wp\/v2\/users\/10"}],"replies":[{"embeddable":true,"href":"https:\/\/www.paroquiaderamalde.pt\/wrdp\/wp-json\/wp\/v2\/comments?post=19154"}],"version-history":[{"count":0,"href":"https:\/\/www.paroquiaderamalde.pt\/wrdp\/wp-json\/wp\/v2\/pages\/19154\/revisions"}],"wp:attachment":[{"href":"https:\/\/www.paroquiaderamalde.pt\/wrdp\/wp-json\/wp\/v2\/media?parent=19154"}],"curies":[{"name":"wp","href":"https:\/\/api.w.org\/{rel}","templated":true}]}}